{"id":2438,"date":"2020-07-10T14:26:06","date_gmt":"2020-07-10T12:26:06","guid":{"rendered":"https:\/\/www.ds-iberien.de\/deutsche-schule-lissabon-2\/"},"modified":"2021-05-06T10:07:08","modified_gmt":"2021-05-06T08:07:08","slug":"deutsche-schule-lissabon-2","status":"publish","type":"page","link":"https:\/\/www.ds-iberien.de\/pt-pt\/deutsche-schule-lissabon-2\/","title":{"rendered":"ESCOLA ALEM\u00c3 DE LISBOA"},"content":{"rendered":"<p>[vc_row][vc_column width=&#8221;1\/4&#8243; css=&#8221;.vc_custom_1599554277091{background-color: #e6e6e6 !important;}&#8221; el_class=&#8221;menu_lateral&#8221;][vc_wp_custommenu nav_menu=&#8221;52&#8243;][vc_empty_space alter_height=&#8221;small&#8221; hide_on_mobile=&#8221;&#8221;][vc_wp_custommenu nav_menu=&#8221;53&#8243;][vc_empty_space alter_height=&#8221;small&#8221; hide_on_mobile=&#8221;&#8221;][vc_wp_custommenu nav_menu=&#8221;54&#8243;][\/vc_column][vc_column width=&#8221;3\/4&#8243;][vc_column_text]<\/p>\n<h2 style=\"text-align: center; color: #d7362d;\">ESCOLA ALEM\u00c3 DE LISBOA<\/h2>\n<p>[\/vc_column_text][vc_empty_space hide_on_mobile=&#8221;&#8221;][vc_row_inner][vc_column_inner width=&#8221;2\/3&#8243;][vc_single_image image=&#8221;1786&#8243; img_size=&#8221;full&#8221;][vc_empty_space hide_on_mobile=&#8221;&#8221;][vc_column_text]O nosso objectivo \u00e9 a educa\u00e7\u00e3o integral dos nossos alunos. Encorajamo-los a desenvolver os seus talentos e, acima de tudo, a aprender com prazer e sucesso. Ver\u00e1 que a nossa rica vida escolar tamb\u00e9m atrai e incentiva os jovens com todos os seus talentos, interesses e inclina\u00e7\u00f5es, tamb\u00e9m fora da sala de aula.[\/vc_column_text][\/vc_column_inner][vc_column_inner width=&#8221;1\/3&#8243; css=&#8221;.vc_custom_1593427104907{border-left-width: 2px !important;border-left-color: #f4b606 !important;border-left-style: solid !important;}&#8221;][vc_single_image image=&#8221;924&#8243; img_size=&#8221;full&#8221; alignment=&#8221;right&#8221;][vc_empty_space hide_on_mobile=&#8221;&#8221;][vc_column_text]<\/p>\n<p style=\"text-align: right;\"><span style=\"color: #f4b606;\">ESCOLA ALEM\u00c3 DE LISBOA<\/span><\/p>\n<p>[\/vc_column_text][vc_empty_space alter_height=&#8221;medium&#8221; hide_on_mobile=&#8221;&#8221;][vc_column_text]<\/p>\n<p style=\"text-align: right;\"><strong>Teresa Salgueiro Lenze<\/strong><br \/>\nSchulleiterin<br \/>\n<strong>Telefon<\/strong><br \/>\n<a href=\"tel:+351217510260\">+351-21-751 02 60<\/a><br \/>\n<strong>E-Mail<\/strong><br \/>\n<a href=\"mailto:schulleitung@dslissabon.com\">schulleitung@dslissabon.com<\/a><br \/>\n<strong>Adresse<\/strong><br \/>\nDeutsche Schule Lissabon<br \/>\nLargo Willy Brandt<br \/>\n1600-891 Lisboa<br \/>\nPORTUGAL<\/p>\n<p style=\"text-align: right;\"><strong>WEBSITE<\/strong><br \/>\n<a href=\"http:\/\/www.dslissabon.com\" target=\"_Blank\" rel=\"noopener noreferrer\">www.dslissabon.com<\/a><\/p>\n<p>[\/vc_column_text][\/vc_column_inner][\/vc_row_inner][\/vc_column][\/vc_row][vc_row][vc_column width=&#8221;1\/4&#8243;][\/vc_column][vc_column width=&#8221;3\/4&#8243;][vc_empty_space alter_height=&#8221;medium&#8221; hide_on_mobile=&#8221;&#8221;][vc_column_text]<\/p>\n<h3 style=\"text-align: left; color: #d7362d;\">ALLGEMEIN<\/h3>\n<p>[\/vc_column_text][vc_separator color=&#8221;custom&#8221; accent_color=&#8221;#f4b606&#8243; css=&#8221;.vc_custom_1593438972630{margin-top: 0px !important;margin-bottom: 0px !important;padding-top: 0px !important;padding-bottom: 0px !important;}&#8221;][vc_column_text]<\/p>\n<table style=\"border: 0!important; background-color: white!important;\" border=\"0\" width=\"100%\" cellspacing=\"0\" cellpadding=\"0\">\n<tbody>\n<tr valign=\"top\">\n<td style=\"text-align: left; width: 20%; border: 0!important; background-color: white!important;\"><strong>TR\u00c4GER<\/strong><\/td>\n<td style=\"width: 30%; border: 0px none !important; background-color: white !important; text-align: left;\">Deutscher Schulverein Lissabon<\/td>\n<td style=\"text-align: center; width: 25%; border: 0!important; background-color: white!important;\"><strong>GR\u00dcNDUNGSJAHR<\/strong><br \/>\n1848<\/td>\n<td style=\"text-align: center; width: 25%; border: 0!important; background-color: white!important;\"><strong>JAHRGANGSSTUFEN<\/strong><br \/>\nKG-12<\/td>\n<\/tr>\n<tr valign=\"top\">\n<td style=\"width: 20%; border: 0px none !important; background-color: white !important; text-align: left;\"><strong>AUSZEICHNUNGEN<\/strong><\/td>\n<td style=\"width: 30%; border: 0px none !important; background-color: white !important; text-align: left;\">G\u00fctesiegel BLI \u2013 Exzellente Deutsche Auslandsschule<\/td>\n<td style=\"text-align: center; width: 25%; border: 0!important; background-color: white!important;\"><strong>SCHULJAHRESBEGINN<\/strong><br \/>\nSeptember<\/td>\n<td style=\"text-align: center; width: 25%; border: 0!important; background-color: white!important;\"><\/td>\n<\/tr>\n<tr valign=\"top\">\n<td style=\"width: 20%; border: 0px none !important; background-color: white !important; text-align: left;\"><strong>ABSCHL\u00dcSSE<\/strong><\/td>\n<td style=\"width: 30%; border: 0px none !important; background-color: white !important; text-align: left;\">Abitur, Realschulabschluss und Hauptschulabschluss<\/td>\n<td style=\"text-align: center; width: 25%; border: 0!important; background-color: white!important;\"><strong>ANZAHL SCH\u00dcLER<\/strong><br \/>\n1060<\/td>\n<td style=\"text-align: center; width: 25%; border: 0!important; background-color: white!important;\"><strong>ANZAHL LEHRKR\u00c4FTE<\/strong><br \/>\n150<\/td>\n<\/tr>\n<\/tbody>\n<\/table>\n<p>[\/vc_column_text][\/vc_column][\/vc_row][vc_row][vc_column width=&#8221;1\/4&#8243;][\/vc_column][vc_column width=&#8221;3\/4&#8243;][vc_empty_space alter_height=&#8221;medium&#8221; hide_on_mobile=&#8221;&#8221;][vc_row_inner][vc_column_inner width=&#8221;1\/2&#8243;][vc_single_image image=&#8221;1425&#8243; img_size=&#8221;full&#8221;][\/vc_column_inner][vc_column_inner width=&#8221;1\/2&#8243;][vc_column_text]<\/p>\n<h3 style=\"color: #d7362d; text-align: right;\">INFOS ZUR SCHULE<\/h3>\n<p>[\/vc_column_text][vc_separator color=&#8221;custom&#8221; accent_color=&#8221;#f4b606&#8243; css=&#8221;.vc_custom_1593437458871{margin-top: 0px !important;margin-bottom: 0px !important;padding-top: 0px !important;padding-bottom: 0px !important;}&#8221;][vc_column_text]<\/p>\n<table style=\"border: 0!important; background-color: white!important;\" border=\"0\" width=\"100%\" cellspacing=\"0\" cellpadding=\"0\">\n<tbody>\n<tr valign=\"top\">\n<td style=\"text-align: center; width: 50%; border: 0!important; background-color: white!important;\"><strong>UNTERRICHTSSPRACHEN<\/strong><br \/>\nDeutsch<br \/>\nPortugiesisch<\/td>\n<td style=\"text-align: center; width: 50%; border: 0!important; background-color: white!important;\"><strong>SCHULTYP<\/strong><br \/>\nBegegnungsschule<\/td>\n<\/tr>\n<\/tbody>\n<\/table>\n<p>[\/vc_column_text][vc_empty_space hide_on_mobile=&#8221;&#8221;][vc_column_text]<\/p>\n<table style=\"border: 0!important; background-color: white!important;\" border=\"0\" width=\"100%\" cellspacing=\"0\" cellpadding=\"0\">\n<tbody>\n<tr valign=\"top\">\n<td style=\"text-align: center; width: 50%; border: 0!important; background-color: white!important;\"><strong>SCHULSTRUKTUR<\/strong><br \/>\nKindergarten<br \/>\nGrundschule<br \/>\nSekundarstufe 1<br \/>\nSekundarstufe 2<\/td>\n<td style=\"text-align: center; border: 0!important; background-color: white!important;\"><strong>FREMDSPRACHEN<\/strong><br \/>\nDeutsch<br \/>\nEnglisch<br \/>\nFranz\u00f6sisch<br \/>\nPortugiesisch<\/td>\n<\/tr>\n<\/tbody>\n<\/table>\n<p>[\/vc_column_text][\/vc_column_inner][\/vc_row_inner][\/vc_column][\/vc_row][vc_row][vc_column width=&#8221;1\/4&#8243;][\/vc_column][vc_column width=&#8221;3\/4&#8243;][vc_empty_space alter_height=&#8221;medium&#8221; hide_on_mobile=&#8221;&#8221;][vc_column_text]<\/p>\n<h3 style=\"text-align: left; color: #d7362d;\">PRAKTIKUM<\/h3>\n<p>[\/vc_column_text][vc_separator color=&#8221;custom&#8221; accent_color=&#8221;#f4b606&#8243; css=&#8221;.vc_custom_1593437458871{margin-top: 0px !important;margin-bottom: 0px !important;padding-top: 0px !important;padding-bottom: 0px !important;}&#8221;][vc_row_inner][vc_column_inner][vc_column_text]Sie k\u00f6nnen sich entweder auf ein reines Grundschulpraktikum oder auf ein Praktikum in Sekundarstufen I\/II bewerben. Wir vergeben keine Sekundarstufenpraktika an Studierende des Grundschullehramtes. Der Beginn der Praktika ist in der Regel nur an zwei Terminen im Schuljahr m\u00f6glich:<br \/>\n\u2022 zu Schuljahresbeginn Anfang September<br \/>\n\u2022 im Februar\/ M\u00e4rz<\/p>\n<p>Der Kindergarten der Deutschen Schule Lissabon bietet Praxispl\u00e4tze f\u00fcr angehende Erzieherinnen und Erziehern \u00fcber das gesamte Schuljahr an.<br \/>\nAlle Informationen unter <a href=\"https:\/\/dslissabon.com\/die-schule\/stellenanzeigen\/schulpraktika\/\">https:\/\/dslissabon.com\/die-schule\/stellenanzeigen\/schulpraktika\/<\/a>[\/vc_column_text][\/vc_column_inner][\/vc_row_inner][\/vc_column][\/vc_row][vc_row][vc_column][vc_column_text][\/vc_column_text][\/vc_column][\/vc_row]<\/p>\n","protected":false},"excerpt":{"rendered":"<p>[vc_row][vc_column width=&#8221;1\/4&#8243; css=&#8221;.vc_custom_1599554277091{background-color: #e6e6e6 !important;}&#8221; el_class=&#8221;menu_lateral&#8221;][vc_wp_custommenu nav_menu=&#8221;52&#8243;][vc_empty_space alter_height=&#8221;small&#8221; hide_on_mobile=&#8221;&#8221;][vc_wp_custommenu nav_menu=&#8221;53&#8243;][vc_empty_space alter_height=&#8221;small&#8221; hide_on_mobile=&#8221;&#8221;][vc_wp_custommenu nav_menu=&#8221;54&#8243;][\/vc_column][vc_column width=&#8221;3\/4&#8243;][vc_column_text] ESCOLA ALEM\u00c3 DE LISBOA [\/vc_column_text][vc_empty_space hide_on_mobile=&#8221;&#8221;][vc_row_inner][vc_column_inner width=&#8221;2\/3&#8243;][vc_single_image image=&#8221;1786&#8243; img_size=&#8221;full&#8221;][vc_empty_space hide_on_mobile=&#8221;&#8221;][vc_column_text]O nosso objectivo \u00e9 a educa\u00e7\u00e3o integral dos nossos alunos. Encorajamo-los a desenvolver os seus talentos e,&hellip;<\/p>\n","protected":false},"author":1,"featured_media":0,"parent":0,"menu_order":0,"comment_status":"closed","ping_status":"closed","template":"","meta":[],"aioseo_notices":[],"_links":{"self":[{"href":"https:\/\/www.ds-iberien.de\/pt-pt\/wp-json\/wp\/v2\/pages\/2438"}],"collection":[{"href":"https:\/\/www.ds-iberien.de\/pt-pt\/wp-json\/wp\/v2\/pages"}],"about":[{"href":"https:\/\/www.ds-iberien.de\/pt-pt\/wp-json\/wp\/v2\/types\/page"}],"author":[{"embeddable":true,"href":"https:\/\/www.ds-iberien.de\/pt-pt\/wp-json\/wp\/v2\/users\/1"}],"replies":[{"embeddable":true,"href":"https:\/\/www.ds-iberien.de\/pt-pt\/wp-json\/wp\/v2\/comments?post=2438"}],"version-history":[{"count":2,"href":"https:\/\/www.ds-iberien.de\/pt-pt\/wp-json\/wp\/v2\/pages\/2438\/revisions"}],"predecessor-version":[{"id":2441,"href":"https:\/\/www.ds-iberien.de\/pt-pt\/wp-json\/wp\/v2\/pages\/2438\/revisions\/2441"}],"wp:attachment":[{"href":"https:\/\/www.ds-iberien.de\/pt-pt\/wp-json\/wp\/v2\/media?parent=2438"}],"curies":[{"name":"wp","href":"https:\/\/api.w.org\/{rel}","templated":true}]}}