{"id":2401,"date":"2020-06-30T13:03:20","date_gmt":"2020-06-30T11:03:20","guid":{"rendered":"https:\/\/www.ds-iberien.de\/deutsche-schule-sevilla\/"},"modified":"2021-05-17T11:46:40","modified_gmt":"2021-05-17T09:46:40","slug":"deutsche-schule-sevilla","status":"publish","type":"page","link":"https:\/\/www.ds-iberien.de\/pt-pt\/deutsche-schule-sevilla\/","title":{"rendered":"ESCOLA ALEM\u00c3 SEVILLA"},"content":{"rendered":"<p>[vc_row full_width=&#8221;stretch_row_content_no_spaces&#8221; css=&#8221;.vc_custom_1610365860394{padding-top: 500px !important;padding-bottom: 500px !important;background-image: url(https:\/\/www.ds-iberien.de\/wp-content\/uploads\/2021\/01\/DS-Sevilla-Geba\u0308ude-I.jpg?id=1827) !important;background-position: center !important;background-repeat: no-repeat !important;background-size: cover !important;}&#8221;][vc_column][\/vc_column][\/vc_row][vc_row gap=&#8221;15&#8243; css=&#8221;.vc_custom_1591617474487{margin-top: -70px !important;background-color: rgba(221,51,51,0.01) !important;*background-color: rgb(221,51,51) !important;}&#8221;][vc_column width=&#8221;2\/6&#8243; icons_position=&#8221;left&#8221; css=&#8221;.vc_custom_1591615516296{background-color: #f2f2f2 !important;}&#8221;][vc_empty_space height=&#8221;60px&#8221; alter_height=&#8221;none&#8221; hide_on_mobile=&#8221;&#8221;][vc_single_image image=&#8221;918&#8243; img_size=&#8221;full&#8221; alignment=&#8221;center&#8221;][vc_empty_space hide_on_mobile=&#8221;&#8221;][vc_column_text]<\/p>\n<p style=\"text-align: center; font-size: 23px;\"><a style=\"color: #a0002f;\" href=\"https:\/\/colegioalemansevilla.com\/\" target=\"_blank\" rel=\"noopener noreferrer\">www.colegioalemansevilla.com<\/a><\/p>\n<p>[\/vc_column_text][vc_empty_space alter_height=&#8221;none&#8221; hide_on_mobile=&#8221;&#8221;][\/vc_column][vc_column width=&#8221;1\/6&#8243; css=&#8221;.vc_custom_1591616350551{background-color: #ffffff !important;}&#8221;][vc_empty_space alter_height=&#8221;none&#8221; hide_on_mobile=&#8221;&#8221;][vc_single_image image=&#8221;949&#8243; img_size=&#8221;full&#8221; alignment=&#8221;center&#8221;][vc_empty_space hide_on_mobile=&#8221;&#8221;][vc_column_text]<\/p>\n<p style=\"text-align: center;\"><strong><span style=\"color: #c10c0c;\">1921<\/span><\/strong><br \/>\n<strong><span style=\"color: #c10c0c;\">FUNDA\u00c7\u00c3O<\/span><\/strong><\/p>\n<p>[\/vc_column_text][vc_empty_space hide_on_mobile=&#8221;&#8221;][\/vc_column][vc_column width=&#8221;1\/6&#8243; css=&#8221;.vc_custom_1591616358805{background-color: #ffffff !important;}&#8221;][vc_empty_space alter_height=&#8221;none&#8221; hide_on_mobile=&#8221;&#8221;][vc_single_image image=&#8221;950&#8243; img_size=&#8221;full&#8221; alignment=&#8221;center&#8221;][vc_empty_space hide_on_mobile=&#8221;&#8221;][vc_column_text]<\/p>\n<p style=\"text-align: center;\"><strong><span style=\"color: #c10c0c;\">739<br \/>\nALUNOS<\/span><\/strong><\/p>\n<p>[\/vc_column_text][vc_empty_space hide_on_mobile=&#8221;&#8221;][\/vc_column][vc_column width=&#8221;1\/6&#8243; css=&#8221;.vc_custom_1591616367652{background-color: #ffffff !important;}&#8221;][vc_empty_space alter_height=&#8221;none&#8221; hide_on_mobile=&#8221;&#8221;][vc_single_image image=&#8221;951&#8243; img_size=&#8221;full&#8221; alignment=&#8221;center&#8221;][vc_empty_space hide_on_mobile=&#8221;&#8221;][vc_column_text]<\/p>\n<p style=\"text-align: center;\"><strong><span style=\"color: #c10c0c;\">51<br \/>\nENSINO M\u00c9DIO<\/span><\/strong><\/p>\n<p>[\/vc_column_text][vc_empty_space hide_on_mobile=&#8221;&#8221;][\/vc_column][vc_column width=&#8221;1\/6&#8243; css=&#8221;.vc_custom_1591616387443{background-color: #ffffff !important;}&#8221;][vc_empty_space alter_height=&#8221;none&#8221; hide_on_mobile=&#8221;&#8221;][vc_single_image image=&#8221;952&#8243; img_size=&#8221;full&#8221; alignment=&#8221;center&#8221;][vc_empty_space hide_on_mobile=&#8221;&#8221;][vc_column_text]<\/p>\n<p style=\"text-align: center;\"><strong><span style=\"color: #c10c0c;\">76<br \/>\nFUNCION\u00c1RIOS<\/span><\/strong><\/p>\n<p>[\/vc_column_text][vc_empty_space hide_on_mobile=&#8221;&#8221;][\/vc_column][\/vc_row][vc_row full_width=&#8221;stretch_row&#8221; gap=&#8221;35&#8243;][vc_column][vc_empty_space alter_height=&#8221;medium&#8221; hide_on_mobile=&#8221;&#8221;][\/vc_column][\/vc_row][vc_row full_width=&#8221;stretch_row_content_no_spaces&#8221; scheme=&#8221;dark&#8221; css=&#8221;.vc_custom_1591616563751{background-color: #f2f3f6 !important;}&#8221;][vc_column width=&#8221;1\/2&#8243; icons_position=&#8221;left&#8221; css=&#8221;.vc_custom_1610365843310{border-right-width: 15px !important;padding-top: 500px !important;padding-bottom: 500px !important;background-image: url(https:\/\/www.ds-iberien.de\/wp-content\/uploads\/2021\/01\/DS-Sevilla-Labor.jpg?id=1828) !important;background-position: center !important;background-repeat: no-repeat !important;background-size: cover !important;border-right-color: #a00007 !important;border-right-style: solid !important;}&#8221;][\/vc_column][vc_column width=&#8221;1\/2&#8243; icons_position=&#8221;left&#8221; css=&#8221;.vc_custom_1591617175100{padding-left: 40px !important;}&#8221; el_class=&#8221;overflow&#8221;][vc_column_text css=&#8221;.vc_custom_1620286346219{padding-top: 40px !important;padding-bottom: 40px !important;padding-left: 40px !important;}&#8221;]A Escola Alem\u00e3 de Sevilha &#8220;Alberto Durero&#8221; \u00e9 uma escola privada bilingue (alem\u00e3o-espanhol) reconhecida pela Consejer\u00eda de Educaci\u00f3n de la Junta de Andaluc\u00eda e pela Ag\u00eancia Central para as Escolas no Estrangeiro (ZfA). Devido aos seus bons resultados no diploma lingu\u00edstico (DSD N\u00edvel II), a escola recebe da Rep\u00fablica Federal da Alemanha o chamado &#8220;apoio lingu\u00edstico&#8221;. Desde o final de 2016, \u00e9 tamb\u00e9m uma Escola Perfil Alem\u00e3 (DPS) designada pelo Minist\u00e9rio Federal dos Neg\u00f3cios Estrangeiros e pela Ag\u00eancia Central para as Escolas no Estrangeiro (ZfA).<\/p>\n<p>O modelo pedag\u00f3gico combina princ\u00edpios educativos espanh\u00f3is e alem\u00e3es. Neste contexto, por exemplo, conceitos como &#8220;desafio e apoio&#8221; (pequeno n\u00famero de alunos, aulas de alem\u00e3o para falantes nativos e cursos de remedia\u00e7\u00e3o), educa\u00e7\u00e3o em valores e forma\u00e7\u00e3o de consci\u00eancia ambiental e de sa\u00fade devem ser destacados como caracter\u00edsticas especiais de identidade. O alem\u00e3o \u00e9 aprendido como primeira l\u00edngua estrangeira no jardim de inf\u00e2ncia e nas seguintes disciplinas o alem\u00e3o \u00e9 tamb\u00e9m a l\u00edngua de instru\u00e7\u00e3o (DFU): arte (graus 1-6), educa\u00e7\u00e3o f\u00edsica (graus 3-7), estudos medi\u00e1ticos (graus 6), f\u00edsica\/qu\u00edmica (graus 8), tecnologia (graus 7-10), m\u00fasica (graus 1-8), ci\u00eancias sociais e naturais (graus 1-10), bem como em aulas interdisciplinares (&#8220;responsabilidade e desafio&#8221;) nos graus 9 e 10. O ingl\u00eas \u00e9 aprendido como segunda l\u00edngua estrangeira a partir do grau 3.<\/p>\n<p>Actualmente, 739 alunos s\u00e3o ensinados na nossa escola &#8211; desde o jardim de inf\u00e2ncia at\u00e9 ao liceu espanhol &#8211; por cerca de 60 professores. A escola tem duas turmas desde o jardim-de-inf\u00e2ncia (a partir dos 3 anos de idade) at\u00e9 ao final da 12\u00aa classe, ou seja, em cada classe h\u00e1 duas turmas paralelas de cerca de 25 alunos cada. A escola conduz actualmente \u00e0 qualifica\u00e7\u00e3o de espanhol &#8220;Bachillerato&#8221;. Juntamente com o Diploma de L\u00edngua Alem\u00e3 da Confer\u00eancia Permanente dos Ministros da Educa\u00e7\u00e3o e Assuntos Culturais dos L\u00e4nder da Rep\u00fablica Federal da Alemanha (DSD N\u00edvel II), que \u00e9 obtido nos graus 10, 11 ou 12, os estudantes preenchem os requisitos para estudar nas universidades alem\u00e3s ap\u00f3s a gradua\u00e7\u00e3o. Os estudantes que obt\u00eam o diploma de l\u00edngua alem\u00e3 DSD II no grau 10 t\u00eam a oportunidade de fazer os m\u00f3dulos de exame externo &#8220;Goethe Certificate C2&#8221; no grau 12. O n\u00edvel de ingl\u00eas dos nossos estudantes \u00e9 demonstrado pelo &#8220;Cambridge Certificate&#8221; (B1 -C2). O dia escolar \u00e9 complementado por um extenso programa de interc\u00e2mbio, especialmente com escolas alem\u00e3s, actividades extracurriculares e v\u00e1rios workshops vespertinos.[\/vc_column_text][\/vc_column][\/vc_row][vc_row full_width=&#8221;stretch_row&#8221; gap=&#8221;35&#8243;][vc_column][vc_empty_space alter_height=&#8221;medium&#8221; hide_on_mobile=&#8221;&#8221;][\/vc_column][\/vc_row][vc_row equal_height=&#8221;yes&#8221; content_placement=&#8221;middle&#8221;][vc_column width=&#8221;1\/4&#8243;][vc_single_image image=&#8221;855&#8243; img_size=&#8221;full&#8221;][\/vc_column][vc_column width=&#8221;1\/4&#8243;][vc_single_image image=&#8221;856&#8243; img_size=&#8221;full&#8221;][\/vc_column][vc_column width=&#8221;1\/4&#8243;][vc_single_image image=&#8221;857&#8243; img_size=&#8221;full&#8221;][\/vc_column][vc_column width=&#8221;1\/4&#8243;][vc_single_image image=&#8221;858&#8243; img_size=&#8221;full&#8221;][\/vc_column][\/vc_row][vc_row full_width=&#8221;stretch_row&#8221; gap=&#8221;35&#8243;][vc_column][vc_empty_space alter_height=&#8221;medium&#8221; hide_on_mobile=&#8221;&#8221;][\/vc_column][\/vc_row]<\/p>\n","protected":false},"excerpt":{"rendered":"<p>[vc_row full_width=&#8221;stretch_row_content_no_spaces&#8221; css=&#8221;.vc_custom_1610365860394{padding-top: 500px !important;padding-bottom: 500px !important;background-image: url(https:\/\/www.ds-iberien.de\/wp-content\/uploads\/2021\/01\/DS-Sevilla-Geba\u0308ude-I.jpg?id=1827) !important;background-position: center !important;background-repeat: no-repeat !important;background-size: cover !important;}&#8221;][vc_column][\/vc_column][\/vc_row][vc_row gap=&#8221;15&#8243; css=&#8221;.vc_custom_1591617474487{margin-top: -70px !important;background-color: rgba(221,51,51,0.01) !important;*background-color: rgb(221,51,51) !important;}&#8221;][vc_column width=&#8221;2\/6&#8243; icons_position=&#8221;left&#8221; css=&#8221;.vc_custom_1591615516296{background-color: #f2f2f2 !important;}&#8221;][vc_empty_space height=&#8221;60px&#8221; alter_height=&#8221;none&#8221; hide_on_mobile=&#8221;&#8221;][vc_single_image image=&#8221;918&#8243; img_size=&#8221;full&#8221; alignment=&#8221;center&#8221;][vc_empty_space hide_on_mobile=&#8221;&#8221;][vc_column_text] www.colegioalemansevilla.com [\/vc_column_text][vc_empty_space alter_height=&#8221;none&#8221; hide_on_mobile=&#8221;&#8221;][\/vc_column][vc_column width=&#8221;1\/6&#8243;&hellip;<\/p>\n","protected":false},"author":1,"featured_media":0,"parent":0,"menu_order":0,"comment_status":"closed","ping_status":"open","template":"","meta":[],"aioseo_notices":[],"_links":{"self":[{"href":"https:\/\/www.ds-iberien.de\/pt-pt\/wp-json\/wp\/v2\/pages\/2401"}],"collection":[{"href":"https:\/\/www.ds-iberien.de\/pt-pt\/wp-json\/wp\/v2\/pages"}],"about":[{"href":"https:\/\/www.ds-iberien.de\/pt-pt\/wp-json\/wp\/v2\/types\/page"}],"author":[{"embeddable":true,"href":"https:\/\/www.ds-iberien.de\/pt-pt\/wp-json\/wp\/v2\/users\/1"}],"replies":[{"embeddable":true,"href":"https:\/\/www.ds-iberien.de\/pt-pt\/wp-json\/wp\/v2\/comments?post=2401"}],"version-history":[{"count":3,"href":"https:\/\/www.ds-iberien.de\/pt-pt\/wp-json\/wp\/v2\/pages\/2401\/revisions"}],"predecessor-version":[{"id":2548,"href":"https:\/\/www.ds-iberien.de\/pt-pt\/wp-json\/wp\/v2\/pages\/2401\/revisions\/2548"}],"wp:attachment":[{"href":"https:\/\/www.ds-iberien.de\/pt-pt\/wp-json\/wp\/v2\/media?parent=2401"}],"curies":[{"name":"wp","href":"https:\/\/api.w.org\/{rel}","templated":true}]}}