{"id":2318,"date":"2020-06-05T12:40:26","date_gmt":"2020-06-05T10:40:26","guid":{"rendered":"https:\/\/www.ds-iberien.de\/uber-uns\/"},"modified":"2025-03-28T18:25:48","modified_gmt":"2025-03-28T16:25:48","slug":"uber-uns","status":"publish","type":"page","link":"https:\/\/www.ds-iberien.de\/pt-pt\/uber-uns\/","title":{"rendered":"SOBRE N\u00d3S"},"content":{"rendered":"<p>[vc_row full_width=&#8221;stretch_row_content_no_spaces&#8221; css=&#8221;.vc_custom_1599551197445{padding-top: 250px !important;padding-bottom: 250px !important;background-image: url(https:\/\/www.ds-iberien.de\/wp-content\/uploads\/2020\/09\/SOBRE_NOSOTROS.jpg?id=1654) !important;background-position: center !important;background-repeat: no-repeat !important;background-size: cover !important;}&#8221;][vc_column][\/vc_column][\/vc_row][vc_row][vc_column][vc_empty_space height=&#8221;60px&#8221; alter_height=&#8221;large&#8221; hide_on_mobile=&#8221;&#8221;][vc_column_text]<\/p>\n<p style=\"text-align: center;\">As escolas alem\u00e3s no estrangeiro s\u00e3o locais de encontro e de interc\u00e2mbio intercultural. Geridas por associa\u00e7\u00f5es e financiadas pelo Estado alem\u00e3o, s\u00e3o o exemplo mais antigo de parceria entre o sector p\u00fablico e privado das rela\u00e7\u00f5es culturais e da pol\u00edtica de educa\u00e7\u00e3o alem\u00e3.<\/p>\n<p style=\"text-align: center;\">Durante mais de 170 anos, as escolas alem\u00e3s em Portugal e Espanha n\u00e3o s\u00f3 deram um importante contributo para o desenvolvimento social atrav\u00e9s da aprendizagem conjunta e desenvolvimento pessoal na escola, como tamb\u00e9m ajudaram a promover a l\u00edngua e cultura alem\u00e3s nos seus pa\u00edses.<\/p>\n<p>[\/vc_column_text][vc_empty_space height=&#8221;60px&#8221; alter_height=&#8221;large&#8221; hide_on_mobile=&#8221;&#8221;][\/vc_column][\/vc_row][vc_row][vc_column width=&#8221;1\/2&#8243;][vc_single_image image=&#8221;871&#8243; alignment=&#8221;center&#8221;][vc_empty_space height=&#8221;40px&#8221; alter_height=&#8221;none&#8221; hide_on_mobile=&#8221;&#8221;][vc_column_text]Na regi\u00e3o da Pen\u00ednsula Ib\u00e9rica existem 11 escolas alem\u00e3s no estrangeiro, incluindo 2 escolas profissionais, e 2 escolas com um perfil alem\u00e3o especial (as chamadas &#8220;escolas de perfil&#8221;).[\/vc_column_text][\/vc_column][vc_column width=&#8221;1\/2&#8243;][vc_single_image image=&#8221;874&#8243; alignment=&#8221;center&#8221;][vc_empty_space height=&#8221;40px&#8221; alter_height=&#8221;none&#8221; hide_on_mobile=&#8221;&#8221;][vc_column_text]<\/p>\n<p style=\"text-align: right;\">Mais de 10.000 alunos (SuS) s\u00e3o atendidos nestas escolas &#8211; desde a pr\u00e9-escola ou jardim-de-inf\u00e2ncia at\u00e9 ao fim do ensino secund\u00e1rio e mais al\u00e9m, durante a forma\u00e7\u00e3o profissional.<\/p>\n<p>[\/vc_column_text][\/vc_column][\/vc_row][vc_row css=&#8221;.vc_custom_1591355535997{margin-top: 60px !important;}&#8221;][vc_column][vc_single_image image=&#8221;878&#8243; alignment=&#8221;center&#8221;][vc_empty_space height=&#8221;40px&#8221; alter_height=&#8221;none&#8221; hide_on_mobile=&#8221;&#8221;][vc_column_text]Todos os anos, mais de 600 jovens terminam a sua carreira escolar com um diploma em espanhol ou portugu\u00eas e uma qualifica\u00e7\u00e3o de entrada na universidade alem\u00e3: 470 diplomados Abitur, comparativamente o maior n\u00famero de diplomados Abitur alem\u00e3es no estrangeiro; 60 SuS com o Diploma de L\u00edngua Alem\u00e3 II e, portanto, com a entrada para estudos universit\u00e1rios na Alemanha; cerca de 70 SuS com forma\u00e7\u00e3o profissional dupla ou estudos duplos nas nossas escolas profissionais. Com o Mittlere Reife (certificado de conclus\u00e3o do ensino m\u00e9dio), cerca de 20 alunos por ano adquirem a qualifica\u00e7\u00e3o para continuar a sua carreira escolar. Dos 470 diplomados do ensino secund\u00e1rio, uma m\u00e9dia de 50% estudam em universidades alem\u00e3s.[\/vc_column_text][vc_empty_space height=&#8221;40px&#8221; alter_height=&#8221;large&#8221; hide_on_mobile=&#8221;&#8221;][\/vc_column][\/vc_row][vc_row][vc_column width=&#8221;1\/2&#8243;][vc_single_image image=&#8221;879&#8243; alignment=&#8221;center&#8221;][vc_empty_space height=&#8221;40px&#8221; alter_height=&#8221;none&#8221; hide_on_mobile=&#8221;&#8221;][vc_column_text]Mais de 120 professores do servi\u00e7o estrangeiro, 850 professores locais, educadores e 200 empregados do sector de gest\u00e3o e servi\u00e7os asseguram que as escolas alem\u00e3s em Portugal e Espanha gozam de uma excelente reputa\u00e7\u00e3o nestes pa\u00edses.[\/vc_column_text][vc_empty_space height=&#8221;40px&#8221; alter_height=&#8221;large&#8221; hide_on_mobile=&#8221;&#8221;][\/vc_column][vc_column width=&#8221;1\/2&#8243;][vc_single_image image=&#8221;880&#8243; alignment=&#8221;center&#8221;][vc_empty_space height=&#8221;40px&#8221; alter_height=&#8221;none&#8221; hide_on_mobile=&#8221;&#8221;][vc_column_text]<\/p>\n<p style=\"text-align: right;\">Sempre empenhados em manter e melhorar a qualidade, todas as nossas escolas ostentam o selo de aprova\u00e7\u00e3o &#8220;Excelente Escola no Estrangeiro&#8221; concedido pelo Presidente Federal Alem\u00e3o. Uma das nossas escolas foi seleccionada para a fase piloto de cada inspec\u00e7\u00e3o das escolas alem\u00e3s no estrangeiro.<\/p>\n<p>[\/vc_column_text][vc_empty_space height=&#8221;40px&#8221; alter_height=&#8221;large&#8221; hide_on_mobile=&#8221;&#8221;][\/vc_column][\/vc_row][vc_row full_width=&#8221;stretch_row&#8221; css=&#8221;.vc_custom_1591355623373{background-color: #f2f3f6 !important;}&#8221;][vc_column]<a id=\"sc_anchor_ziele\" class=\"sc_anchor sc_anchor_default\" \n\t\ttitle=\"\" \n\t\tdata-icon=\"\" \n\t\tdata-url=\"\"\n><\/a>[vc_empty_space height=&#8221;40px&#8221; alter_height=&#8221;none&#8221; hide_on_mobile=&#8221;&#8221;][vc_column_text]<\/p>\n<p style=\"text-align: center; font-size: 80px;\"><a href=\"https:\/\/www.ds-iberien.de\/wp-content\/uploads\/2020\/06\/icono6.png\"><img decoding=\"async\" loading=\"lazy\" class=\"wp-image-884 size-full alignnone\" src=\"https:\/\/www.ds-iberien.de\/wp-content\/uploads\/2020\/06\/icono6.png\" alt=\"\" width=\"126\" height=\"126\" srcset=\"https:\/\/www.ds-iberien.de\/wp-content\/uploads\/2020\/06\/icono6.png 126w, https:\/\/www.ds-iberien.de\/wp-content\/uploads\/2020\/06\/icono6-90x90.png 90w\" sizes=\"(max-width: 126px) 100vw, 126px\" \/><\/a>\u00a0 <span style=\"color: #000000;\">Objectivos<\/span><\/p>\n<p>[\/vc_column_text][vc_empty_space height=&#8221;40px&#8221; alter_height=&#8221;none&#8221; hide_on_mobile=&#8221;&#8221;][vc_column_text]<\/p>\n<p style=\"text-align: center;\">As escolas alem\u00e3s no estrangeiro em Portugal e Espanha t\u00eam vindo a trabalhar em estreita colabora\u00e7\u00e3o h\u00e1 mais de 20 anos. Na regi\u00e3o do Sudoeste Europeu, n\u00e3o s\u00f3 a Ag\u00eancia Central para as Escolas no Estrangeiro presta servi\u00e7os, como tamb\u00e9m os directores, professores, administradores e membros do conselho escolar se re\u00fanem regularmente para trocar informa\u00e7\u00f5es sobre o sistema escolar e &#8220;boas pr\u00e1ticas&#8221;.<\/p>\n<p style=\"text-align: center;\">As direc\u00e7\u00f5es escolares das escolas alem\u00e3s e das escolas profissionais em Portugal e Espanha uniram for\u00e7as num grupo de trabalho para enfrentar em conjunto os desafios comuns como um grupo unido. Fix\u00e1mos para n\u00f3s pr\u00f3prios os seguintes objectivos:<\/p>\n<p>[\/vc_column_text][vc_empty_space height=&#8221;40px&#8221; alter_height=&#8221;large&#8221; hide_on_mobile=&#8221;&#8221;][\/vc_column][\/vc_row][vc_row full_width=&#8221;stretch_row&#8221; css=&#8221;.vc_custom_1591355904684{background-color: #f2f3f6 !important;}&#8221;][vc_column width=&#8221;1\/2&#8243;][vc_column_text]<a href=\"https:\/\/www.ds-iberien.de\/wp-content\/uploads\/2020\/06\/flecha.png\"><img decoding=\"async\" loading=\"lazy\" class=\"size-full wp-image-893 alignnone\" src=\"https:\/\/www.ds-iberien.de\/wp-content\/uploads\/2020\/06\/flecha.png\" alt=\"\" width=\"35\" height=\"25\" \/><\/a>\u00a0 Promover a coopera\u00e7\u00e3o entre as escolas nos dom\u00ednios educativo, empresarial e estrat\u00e9gico.<\/p>\n<p><a href=\"https:\/\/www.ds-iberien.de\/wp-content\/uploads\/2020\/06\/flecha.png\"><img decoding=\"async\" loading=\"lazy\" class=\"size-full wp-image-893 alignnone\" src=\"https:\/\/www.ds-iberien.de\/wp-content\/uploads\/2020\/06\/flecha.png\" alt=\"\" width=\"35\" height=\"25\" \/><\/a>\u00a0 Representar os nossos interesses aos organismos de financiamento, bem como \u00e0s autoridades alem\u00e3s e nacionais.<\/p>\n<p><a href=\"https:\/\/www.ds-iberien.de\/wp-content\/uploads\/2020\/06\/flecha.png\"><img decoding=\"async\" loading=\"lazy\" class=\"size-full wp-image-893 alignnone\" src=\"https:\/\/www.ds-iberien.de\/wp-content\/uploads\/2020\/06\/flecha.png\" alt=\"\" width=\"35\" height=\"25\" \/><\/a>\u00a0 Lobbying com \u00f3rg\u00e3os de decis\u00e3o e a comunidade empresarial<\/p>\n<p><a href=\"https:\/\/www.ds-iberien.de\/wp-content\/uploads\/2020\/06\/flecha.png\"><img decoding=\"async\" loading=\"lazy\" class=\"size-full wp-image-893 alignnone\" src=\"https:\/\/www.ds-iberien.de\/wp-content\/uploads\/2020\/06\/flecha.png\" alt=\"\" width=\"35\" height=\"25\" \/><\/a>\u00a0 Benchmarking e desenvolvimento de conceitos conjuntos sobre temas tais como: Gest\u00e3o, Gest\u00e3o da Qualidade, Digitaliza\u00e7\u00e3o, Media\u00e7\u00e3o Escolar, Inclus\u00e3o, entre outros.<\/p>\n<p><a href=\"https:\/\/www.ds-iberien.de\/wp-content\/uploads\/2020\/06\/flecha.png\"><img decoding=\"async\" loading=\"lazy\" class=\"size-full wp-image-893 alignnone\" src=\"https:\/\/www.ds-iberien.de\/wp-content\/uploads\/2020\/06\/flecha.png\" alt=\"\" width=\"35\" height=\"25\" \/><\/a>\u00a0 Promo\u00e7\u00e3o de actividades conjuntas: Concursos, eventos culturais, interc\u00e2mbios de estudantes, forma\u00e7\u00e3o de professores, orienta\u00e7\u00e3o de estudos.<\/p>\n<p><a href=\"https:\/\/www.ds-iberien.de\/wp-content\/uploads\/2020\/06\/flecha.png\"><img decoding=\"async\" loading=\"lazy\" class=\"size-full wp-image-893 alignnone\" src=\"https:\/\/www.ds-iberien.de\/wp-content\/uploads\/2020\/06\/flecha.png\" alt=\"\" width=\"35\" height=\"25\" \/><\/a>\u00a0 Trabalho conjunto de rela\u00e7\u00f5es p\u00fablicas para comunicar o valor das nossas escolas e escolas profissionais e para refor\u00e7ar a marca das escolas alem\u00e3s no estrangeiro.[\/vc_column_text][\/vc_column][vc_column width=&#8221;1\/2&#8243;][vc_single_image image=&#8221;892&#8243; img_size=&#8221;full&#8221; alignment=&#8221;right&#8221;][\/vc_column][\/vc_row][vc_row][vc_column]<a id=\"sc_anchor_mit\" class=\"sc_anchor sc_anchor_default\" \n\t\ttitle=\"\" \n\t\tdata-icon=\"\" \n\t\tdata-url=\"\"\n><\/a>[vc_empty_space height=&#8221;40px&#8221; alter_height=&#8221;large&#8221; hide_on_mobile=&#8221;&#8221;][vc_column_text]<\/p>\n<p style=\"text-align: center; font-size: 80px;\"><a href=\"https:\/\/www.ds-iberien.de\/wp-content\/uploads\/2020\/06\/icono1.png\"><img decoding=\"async\" loading=\"lazy\" class=\"wp-image-871 size-full alignnone\" src=\"https:\/\/www.ds-iberien.de\/wp-content\/uploads\/2020\/06\/icono1.png\" alt=\"\" width=\"126\" height=\"125\" srcset=\"https:\/\/www.ds-iberien.de\/wp-content\/uploads\/2020\/06\/icono1.png 126w, https:\/\/www.ds-iberien.de\/wp-content\/uploads\/2020\/06\/icono1-90x90.png 90w\" sizes=\"(max-width: 126px) 100vw, 126px\" \/><\/a>\u00a0 <span style=\"color: #000000;\">Membros<\/span><\/p>\n<p>[\/vc_column_text][vc_empty_space height=&#8221;40px&#8221; alter_height=&#8221;large&#8221; hide_on_mobile=&#8221;&#8221;][\/vc_column][\/vc_row][vc_row][vc_column width=&#8221;1\/3&#8243;][vc_single_image image=&#8221;922&#8243; img_size=&#8221;full&#8221; alignment=&#8221;center&#8221; onclick=&#8221;custom_link&#8221; link=&#8221;https:\/\/www.ds-iberien.de\/pt-pt\/deutsche-schule-bilbao\/&#8221;][vc_empty_space height=&#8221;25px&#8221; alter_height=&#8221;none&#8221; hide_on_mobile=&#8221;&#8221;][vc_column_text]<\/p>\n<p style=\"text-align: center; color: #f9cd39;\"><a style=\"color: color: #f9cd39; text-decoration: none;\" href=\"https:\/\/www.ds-iberien.de\/pt-pt\/deutsche-schule-bilbao\/\">DEUTSCHE SCHULE BILBAO<\/a><\/p>\n<p>[\/vc_column_text][vc_empty_space alter_height=&#8221;large&#8221; hide_on_mobile=&#8221;&#8221;][\/vc_column][vc_column width=&#8221;1\/3&#8243;][vc_single_image image=&#8221;1822&#8243; img_size=&#8221;full&#8221; alignment=&#8221;center&#8221; onclick=&#8221;custom_link&#8221; link=&#8221;https:\/\/www.ds-iberien.de\/pt-pt\/deutsche-schule-valencia\/&#8221;][vc_empty_space height=&#8221;25px&#8221; alter_height=&#8221;none&#8221; hide_on_mobile=&#8221;&#8221;][vc_column_text]<\/p>\n<p style=\"text-align: center; color: #f9cd39;\"><a style=\"color: color: #f9cd39; text-decoration: none;\" href=\"https:\/\/www.ds-iberien.de\/pt-pt\/deutsche-schule-valencia\/\">DEUTSCHE SCHULE VALENCIA<\/a><\/p>\n<p>[\/vc_column_text][vc_empty_space alter_height=&#8221;large&#8221; hide_on_mobile=&#8221;&#8221;][\/vc_column][vc_column width=&#8221;1\/3&#8243;][vc_single_image image=&#8221;4781&#8243; img_size=&#8221;full&#8221; alignment=&#8221;center&#8221; onclick=&#8221;custom_link&#8221; link=&#8221;https:\/\/www.ds-iberien.de\/pt-pt\/deutsche-schule-zaragoza\/&#8221;][vc_empty_space height=&#8221;25px&#8221; alter_height=&#8221;none&#8221; hide_on_mobile=&#8221;&#8221;][vc_column_text]<\/p>\n<p style=\"text-align: center; color: #f9cd39;\"><a style=\"color: color: #f9cd39; text-decoration: none;\" href=\"https:\/\/www.ds-iberien.de\/pt-pt\/deutsche-schule-zaragoza\/\">DEUTSCHE SCHULE ZARAGOZA<\/a><\/p>\n<p>[\/vc_column_text][vc_empty_space alter_height=&#8221;large&#8221; hide_on_mobile=&#8221;&#8221;][\/vc_column][\/vc_row][vc_row][vc_column width=&#8221;1\/3&#8243;][vc_single_image image=&#8221;1630&#8243; img_size=&#8221;full&#8221; alignment=&#8221;center&#8221; onclick=&#8221;custom_link&#8221; link=&#8221;https:\/\/www.ds-iberien.de\/pt-pt\/feda-madrid\/&#8221;][vc_empty_space height=&#8221;25px&#8221; alter_height=&#8221;none&#8221; hide_on_mobile=&#8221;&#8221;][vc_column_text]<\/p>\n<p style=\"text-align: center; color: #f9cd39;\"><a style=\"color: color: #f9cd39; text-decoration: none;\" href=\"https:\/\/www.ds-iberien.de\/pt-pt\/feda-madrid\/\">FEDA MADRID<\/a><\/p>\n<p>[\/vc_column_text][vc_empty_space alter_height=&#8221;large&#8221; hide_on_mobile=&#8221;&#8221;][\/vc_column][vc_column width=&#8221;1\/3&#8243;][vc_single_image image=&#8221;1836&#8243; img_size=&#8221;full&#8221; alignment=&#8221;center&#8221; onclick=&#8221;custom_link&#8221; link=&#8221;https:\/\/www.ds-iberien.de\/pt-pt\/deutsche-schule-las-palmas\/&#8221;][vc_empty_space height=&#8221;25px&#8221; alter_height=&#8221;none&#8221; hide_on_mobile=&#8221;&#8221;][vc_column_text]<\/p>\n<p style=\"text-align: center; color: #f9cd39;\"><a style=\"color: color: #f9cd39; text-decoration: none;\" href=\"https:\/\/www.ds-iberien.de\/pt-pt\/deutsche-schule-las-palmas\/\">DEUTSCHE SCHULE LAS PALMAS<\/a><\/p>\n<p>[\/vc_column_text][vc_empty_space alter_height=&#8221;large&#8221; hide_on_mobile=&#8221;&#8221;][\/vc_column][vc_column width=&#8221;1\/3&#8243;][vc_single_image image=&#8221;924&#8243; img_size=&#8221;full&#8221; alignment=&#8221;center&#8221; onclick=&#8221;custom_link&#8221; link=&#8221;https:\/\/www.ds-iberien.de\/pt-pt\/deutsche-schule-lissabon\/&#8221;][vc_empty_space height=&#8221;25px&#8221; alter_height=&#8221;none&#8221; hide_on_mobile=&#8221;&#8221;][vc_column_text]<\/p>\n<p style=\"text-align: center; color: #f9cd39;\"><a style=\"color: color: #f9cd39; text-decoration: none;\" href=\"https:\/\/www.ds-iberien.de\/pt-pt\/deutsche-schule-lissabon\/\">DEUTSCHE SCHULE LISSABON<\/a><\/p>\n<p>[\/vc_column_text][vc_empty_space alter_height=&#8221;large&#8221; hide_on_mobile=&#8221;&#8221;][\/vc_column][\/vc_row][vc_row][vc_column width=&#8221;1\/3&#8243;][vc_single_image image=&#8221;926&#8243; img_size=&#8221;full&#8221; alignment=&#8221;center&#8221; onclick=&#8221;custom_link&#8221; link=&#8221;https:\/\/www.ds-iberien.de\/pt-pt\/deutsche-schule-madrid\/&#8221;][vc_empty_space height=&#8221;25px&#8221; alter_height=&#8221;none&#8221; hide_on_mobile=&#8221;&#8221;][vc_column_text]<\/p>\n<p style=\"text-align: center; color: #f9cd39;\"><a style=\"color: color: #f9cd39; text-decoration: none;\" href=\"https:\/\/www.ds-iberien.de\/pt-pt\/deutsche-schule-madrid\/\">DEUTSCHE SCHULE MADRID<\/a><\/p>\n<p>[\/vc_column_text][vc_empty_space alter_height=&#8221;large&#8221; hide_on_mobile=&#8221;&#8221;][\/vc_column][vc_column width=&#8221;1\/3&#8243;][vc_single_image image=&#8221;925&#8243; img_size=&#8221;full&#8221; alignment=&#8221;center&#8221; onclick=&#8221;custom_link&#8221; link=&#8221;https:\/\/www.ds-iberien.de\/pt-pt\/deutsche-schule-malaga\/&#8221;][vc_empty_space height=&#8221;25px&#8221; alter_height=&#8221;none&#8221; hide_on_mobile=&#8221;&#8221;][vc_column_text]<\/p>\n<p style=\"text-align: center; color: #f9cd39;\"><a style=\"color: color: #f9cd39; text-decoration: none;\" href=\"https:\/\/www.ds-iberien.de\/pt-pt\/deutsche-schule-malaga\/\">DEUTSCHE SCHULE MALAGA<\/a><\/p>\n<p>[\/vc_column_text][vc_empty_space alter_height=&#8221;large&#8221; hide_on_mobile=&#8221;&#8221;][\/vc_column][vc_column width=&#8221;1\/3&#8243;][vc_single_image image=&#8221;917&#8243; img_size=&#8221;full&#8221; alignment=&#8221;center&#8221; onclick=&#8221;custom_link&#8221; link=&#8221;https:\/\/www.ds-iberien.de\/pt-pt\/deutsche-schule-zu-porto\/&#8221;][vc_empty_space height=&#8221;25px&#8221; alter_height=&#8221;none&#8221; hide_on_mobile=&#8221;&#8221;][vc_column_text]<\/p>\n<p style=\"text-align: center; color: #f9cd39;\"><a style=\"color: color: #f9cd39; text-decoration: none;\" href=\"https:\/\/www.ds-iberien.de\/pt-pt\/deutsche-schule-zu-porto\/\">DEUTSCHE SCHULE ZU PORTO<\/a><\/p>\n<p>[\/vc_column_text][vc_empty_space alter_height=&#8221;large&#8221; hide_on_mobile=&#8221;&#8221;][\/vc_column][\/vc_row][vc_row][vc_column width=&#8221;1\/3&#8243;][vc_single_image image=&#8221;1834&#8243; img_size=&#8221;full&#8221; alignment=&#8221;center&#8221; onclick=&#8221;custom_link&#8221; link=&#8221;https:\/\/www.ds-iberien.de\/pt-pt\/deutsche-schule-san-sebastian\/&#8221;][vc_empty_space height=&#8221;25px&#8221; alter_height=&#8221;none&#8221; hide_on_mobile=&#8221;&#8221;][vc_column_text]<\/p>\n<p style=\"text-align: center; color: #f9cd39;\"><a style=\"color: color: #f9cd39; text-decoration: none;\" href=\"https:\/\/www.ds-iberien.de\/pt-pt\/deutsche-schule-san-sebastian\/\">DEUTSCHE SCHULE SAN SEBASTIAN<\/a><\/p>\n<p>[\/vc_column_text][vc_empty_space alter_height=&#8221;large&#8221; hide_on_mobile=&#8221;&#8221;][\/vc_column][vc_column width=&#8221;1\/3&#8243;][vc_single_image image=&#8221;919&#8243; img_size=&#8221;full&#8221; alignment=&#8221;center&#8221; onclick=&#8221;custom_link&#8221; link=&#8221;https:\/\/www.ds-iberien.de\/pt-pt\/deutsche-schule-teneriffa\/&#8221;][vc_empty_space height=&#8221;25px&#8221; alter_height=&#8221;none&#8221; hide_on_mobile=&#8221;&#8221;][vc_column_text]<\/p>\n<p style=\"text-align: center; color: #f9cd39;\"><a style=\"color: color: #f9cd39; text-decoration: none;\" href=\"https:\/\/www.ds-iberien.de\/pt-pt\/deutsche-schule-teneriffa\/\">DEUTSCHE SCHULE SANTA CRUZ DE TENERIFE<\/a><\/p>\n<p>[\/vc_column_text][vc_empty_space alter_height=&#8221;large&#8221; hide_on_mobile=&#8221;&#8221;][\/vc_column][vc_column width=&#8221;1\/3&#8243;][vc_single_image image=&#8221;918&#8243; img_size=&#8221;full&#8221; alignment=&#8221;center&#8221; onclick=&#8221;custom_link&#8221; link=&#8221;https:\/\/www.ds-iberien.de\/pt-pt\/deutsche-schule-sevilla\/&#8221;][vc_empty_space height=&#8221;25px&#8221; alter_height=&#8221;none&#8221; hide_on_mobile=&#8221;&#8221;][vc_column_text]<\/p>\n<p style=\"text-align: center; color: #f9cd39;\"><a style=\"color: color: #f9cd39; text-decoration: none;\" href=\"https:\/\/www.ds-iberien.de\/pt-pt\/deutsche-schule-sevilla\/\">DEUTSCHE SCHULE SEVILLA<\/a><\/p>\n<p>[\/vc_column_text][vc_empty_space alter_height=&#8221;large&#8221; hide_on_mobile=&#8221;&#8221;][\/vc_column][\/vc_row][vc_row][vc_column width=&#8221;1\/6&#8243;][\/vc_column][vc_column width=&#8221;1\/6&#8243;][vc_single_image image=&#8221;933&#8243; img_size=&#8221;full&#8221; alignment=&#8221;center&#8221;][\/vc_column][vc_column width=&#8221;1\/6&#8243;][vc_single_image image=&#8221;930&#8243; img_size=&#8221;full&#8221; alignment=&#8221;center&#8221;][\/vc_column][vc_column width=&#8221;1\/6&#8243;][vc_single_image image=&#8221;931&#8243; img_size=&#8221;full&#8221; alignment=&#8221;center&#8221;][\/vc_column][vc_column width=&#8221;1\/6&#8243;][vc_single_image image=&#8221;932&#8243; img_size=&#8221;full&#8221; alignment=&#8221;center&#8221;][\/vc_column][vc_column width=&#8221;1\/6&#8243;][\/vc_column][\/vc_row]<\/p>\n","protected":false},"excerpt":{"rendered":"<p>[vc_row full_width=&#8221;stretch_row_content_no_spaces&#8221; css=&#8221;.vc_custom_1599551197445{padding-top: 250px !important;padding-bottom: 250px !important;background-image: url(https:\/\/www.ds-iberien.de\/wp-content\/uploads\/2020\/09\/SOBRE_NOSOTROS.jpg?id=1654) !important;background-position: center !important;background-repeat: no-repeat !important;background-size: cover !important;}&#8221;][vc_column][\/vc_column][\/vc_row][vc_row][vc_column][vc_empty_space height=&#8221;60px&#8221; alter_height=&#8221;large&#8221; hide_on_mobile=&#8221;&#8221;][vc_column_text] As escolas alem\u00e3s no estrangeiro s\u00e3o locais de encontro e de interc\u00e2mbio intercultural. Geridas por associa\u00e7\u00f5es e financiadas pelo Estado alem\u00e3o, s\u00e3o&hellip;<\/p>\n","protected":false},"author":1,"featured_media":2091,"parent":0,"menu_order":1,"comment_status":"closed","ping_status":"closed","template":"","meta":[],"aioseo_notices":[],"_links":{"self":[{"href":"https:\/\/www.ds-iberien.de\/pt-pt\/wp-json\/wp\/v2\/pages\/2318"}],"collection":[{"href":"https:\/\/www.ds-iberien.de\/pt-pt\/wp-json\/wp\/v2\/pages"}],"about":[{"href":"https:\/\/www.ds-iberien.de\/pt-pt\/wp-json\/wp\/v2\/types\/page"}],"author":[{"embeddable":true,"href":"https:\/\/www.ds-iberien.de\/pt-pt\/wp-json\/wp\/v2\/users\/1"}],"replies":[{"embeddable":true,"href":"https:\/\/www.ds-iberien.de\/pt-pt\/wp-json\/wp\/v2\/comments?post=2318"}],"version-history":[{"count":5,"href":"https:\/\/www.ds-iberien.de\/pt-pt\/wp-json\/wp\/v2\/pages\/2318\/revisions"}],"predecessor-version":[{"id":4792,"href":"https:\/\/www.ds-iberien.de\/pt-pt\/wp-json\/wp\/v2\/pages\/2318\/revisions\/4792"}],"wp:featuredmedia":[{"embeddable":true,"href":"https:\/\/www.ds-iberien.de\/pt-pt\/wp-json\/wp\/v2\/media\/2091"}],"wp:attachment":[{"href":"https:\/\/www.ds-iberien.de\/pt-pt\/wp-json\/wp\/v2\/media?parent=2318"}],"curies":[{"name":"wp","href":"https:\/\/api.w.org\/{rel}","templated":true}]}}