{"id":1957,"date":"2020-08-28T13:47:37","date_gmt":"2020-08-28T11:47:37","guid":{"rendered":"https:\/\/www.ds-iberien.de\/feda-madrid\/"},"modified":"2024-09-23T20:21:34","modified_gmt":"2024-09-23T18:21:34","slug":"feda-madrid","status":"publish","type":"page","link":"https:\/\/www.ds-iberien.de\/es\/feda-madrid\/","title":{"rendered":"FEDA MADRID"},"content":{"rendered":"<p>[vc_row full_width=\u00bbstretch_row_content_no_spaces\u00bb css=\u00bb.vc_custom_1599640480461{padding-top: 500px !important;padding-bottom: 500px !important;background-image: url(https:\/\/www.ds-iberien.de\/wp-content\/uploads\/2020\/09\/feda_madrid_principal.jpg?id=1733) !important;background-position: center !important;background-repeat: no-repeat !important;background-size: cover !important;}\u00bb][vc_column][\/vc_column][\/vc_row][vc_row gap=\u00bb15&#8243; css=\u00bb.vc_custom_1591617474487{margin-top: -70px !important;background-color: rgba(221,51,51,0.01) !important;*background-color: rgb(221,51,51) !important;}\u00bb][vc_column width=\u00bb2\/6&#8243; icons_position=\u00bbleft\u00bb css=\u00bb.vc_custom_1591615516296{background-color: #f2f2f2 !important;}\u00bb][vc_empty_space height=\u00bb60px\u00bb alter_height=\u00bbnone\u00bb hide_on_mobile=\u00bb\u00bb][vc_single_image image=\u00bb1503&#8243; img_size=\u00bbfull\u00bb alignment=\u00bbcenter\u00bb][vc_empty_space hide_on_mobile=\u00bb\u00bb][vc_column_text]<\/p>\n<p style=\"text-align: center; font-size: 25px;\"><a style=\"color: #a0002f;\" href=\"https:\/\/www.feda-madrid.com\/\" target=\"_blank\" rel=\"noopener noreferrer\">www.feda-madrid.com<\/a><\/p>\n<p>[\/vc_column_text][vc_empty_space alter_height=\u00bbnone\u00bb hide_on_mobile=\u00bb\u00bb][\/vc_column][vc_column width=\u00bb1\/6&#8243; css=\u00bb.vc_custom_1591616350551{background-color: #ffffff !important;}\u00bb][vc_empty_space alter_height=\u00bbnone\u00bb hide_on_mobile=\u00bb\u00bb][vc_single_image image=\u00bb949&#8243; img_size=\u00bbfull\u00bb alignment=\u00bbcenter\u00bb][vc_empty_space hide_on_mobile=\u00bb\u00bb][vc_column_text]<\/p>\n<p style=\"text-align: center;\"><strong><span style=\"color: #c10c0c;\">1980<\/span><\/strong><br \/>\n<strong><span style=\"color: #c10c0c;\">FUNDACI\u00d3N<\/span><\/strong>[\/vc_column_text][vc_empty_space hide_on_mobile=\u00bb\u00bb][\/vc_column][vc_column width=\u00bb1\/6&#8243; css=\u00bb.vc_custom_1591616358805{background-color: #ffffff !important;}\u00bb][vc_empty_space alter_height=\u00bbnone\u00bb hide_on_mobile=\u00bb\u00bb][vc_single_image image=\u00bb950&#8243; img_size=\u00bbfull\u00bb alignment=\u00bbcenter\u00bb][vc_empty_space hide_on_mobile=\u00bb\u00bb][vc_column_text]<\/p>\n<p style=\"text-align: center;\"><strong><span style=\"color: #c10c0c;\">133<br \/>\nALUMNOS<\/span><\/strong>[\/vc_column_text][vc_empty_space hide_on_mobile=\u00bb\u00bb][\/vc_column][vc_column width=\u00bb1\/6&#8243; css=\u00bb.vc_custom_1591616367652{background-color: #ffffff !important;}\u00bb][vc_empty_space alter_height=\u00bbnone\u00bb hide_on_mobile=\u00bb\u00bb][vc_single_image image=\u00bb951&#8243; img_size=\u00bbfull\u00bb alignment=\u00bbcenter\u00bb][vc_empty_space hide_on_mobile=\u00bb\u00bb][vc_column_text]<\/p>\n<p style=\"text-align: center;\"><strong><span style=\"color: #c10c0c;\">78<br \/>\nBACHILLERATOS<\/span><\/strong>[\/vc_column_text][vc_empty_space hide_on_mobile=\u00bb\u00bb][\/vc_column][vc_column width=\u00bb1\/6&#8243; css=\u00bb.vc_custom_1591616387443{background-color: #ffffff !important;}\u00bb][vc_empty_space alter_height=\u00bbnone\u00bb hide_on_mobile=\u00bb\u00bb][vc_single_image image=\u00bb952&#8243; img_size=\u00bbfull\u00bb alignment=\u00bbcenter\u00bb][vc_empty_space hide_on_mobile=\u00bb\u00bb][vc_column_text]<\/p>\n<p style=\"text-align: center;\"><strong><span style=\"color: #c10c0c;\">31<br \/>\nEMPLEADOS<\/span><\/strong>[\/vc_column_text][vc_empty_space hide_on_mobile=\u00bb\u00bb][\/vc_column][\/vc_row][vc_row full_width=\u00bbstretch_row\u00bb gap=\u00bb35&#8243;][vc_column][vc_empty_space alter_height=\u00bbmedium\u00bb hide_on_mobile=\u00bb\u00bb][\/vc_column][\/vc_row][vc_row full_width=\u00bbstretch_row_content_no_spaces\u00bb scheme=\u00bbdark\u00bb css=\u00bb.vc_custom_1591616563751{background-color: #f2f3f6 !important;}\u00bb][vc_column width=\u00bb1\/2&#8243; icons_position=\u00bbleft\u00bb css=\u00bb.vc_custom_1599640568485{border-right-width: 15px !important;padding-top: 500px !important;padding-bottom: 500px !important;background-image: url(https:\/\/www.ds-iberien.de\/wp-content\/uploads\/2020\/09\/feda_madrid_interior.jpg?id=1734) !important;background-position: center !important;background-repeat: no-repeat !important;background-size: cover !important;border-right-color: #a00007 !important;border-right-style: solid !important;}\u00bb][\/vc_column][vc_column width=\u00bb1\/2&#8243; icons_position=\u00bbleft\u00bb css=\u00bb.vc_custom_1621233692090{padding-top: 40px !important;padding-bottom: 40px !important;padding-left: 40px !important;}\u00bb el_class=\u00bboverflow\u00bb][vc_column_text css=\u00bb.vc_custom_1727115684600{padding-top: 40px !important;padding-bottom: 40px !important;padding-left: 40px !important;}\u00bb]<\/p>\n<p class=\"p1\">FEDA Madrid es una escuela de formaci\u00f3n profesional dual en el extranjero reconocida por el Ministerio de Asuntos Exteriores alem\u00e1n y la Conferencia de Ministros de Educaci\u00f3n y Asuntos Culturales de Alemania (KMK) y es una de las 135 escuelas alemanas en el extranjero en todo el mundo. En colaboraci\u00f3n con la C\u00e1mara de Comercio Alemana para Espa\u00f1a (AHK) y numerosas empresas de formaci\u00f3n como p.ej.: Stihl, Kuehne+Nagel, Thyssenkrupp, DB Schenker o DHL, FEDA Madrid ofrece desde hace m\u00e1s de 40 a\u00f1os a j\u00f3venes con Abitur o Fachhochschulreife la posibilidad de realizar una formaci\u00f3n dual alemana en Espa\u00f1a, de 2 a\u00f1os de duraci\u00f3n. A trav\u00e9s de su rama universitaria, la EWA Duale Europ\u00e4ische Wirtschaftsakademie (Academia Europea de Negocios Dual), los estudiantes tambi\u00e9n pueden completar un programa de estudios empresariales dual de 3 a\u00f1os con empresas de renombre en Espa\u00f1a.<\/p>\n<p class=\"p1\">FEDA Madrid ofrece los siguientes ramas en un sistema de alternancia de bloques t\u00e9cnicos y te\u00f3ricos en sus diferentes sedes:<\/p>\n<ul class=\"ul1\">\n<li class=\"li3\">Gesti\u00f3n Industrial (Madrid)<\/li>\n<li class=\"li3\">Transporte y servicios log\u00edsticos (Madrid)<\/li>\n<li class=\"li3\">Comercio Exterior y Mayorista (Valencia)<\/li>\n<li class=\"li3\">Hosteler\u00eda (Tenerife)<\/li>\n<li class=\"li3\">Mecatr\u00f3nica. (Madrid)<\/li>\n<\/ul>\n<p class=\"p1\">La ense\u00f1anza en las escuelas de formaci\u00f3n profesional se basa en el plan de estudios marco de la KMK y se imparte en alem\u00e1n (el programa de especializaci\u00f3n en mecatr\u00f3nica se impartel en espa\u00f1ol). Durante los dos a\u00f1os de formaci\u00f3n, los alumnos participan en proyectos apasionantes:<\/p>\n<p class=\"p1\">\u2022 Proyecto Erasmus+ en Alemania<\/p>\n<p class=\"p1\">\u2022 Proyecto SAP4school<\/p>\n<p class=\"p1\">\u2022 Proyecto de responsabilidad social con el Colegio Alem\u00e1n de Nairobi: \u201dFEDA for Kenya\u201d<\/p>\n<p class=\"p1\">\u2022 Embajadores del programa de formaci\u00f3n profesional dual de la Fundaci\u00f3n Bertelsmann<\/p>\n<p class=\"p1\">Adem\u00e1s del certificado final de FEDA Madrid, los alumnos reciben un certificado final de la AHK Espa\u00f1a y de la DIHK de Berl\u00edn, as\u00ed como un certificado SAP4school en el \u00e1rea comercial.<\/p>\n<p>Perfil del candidato ideal:<\/p>\n<ul class=\"ul1\">\n<li class=\"li4\">Bachillerato o titulaci\u00f3n t\u00e9cnica superior de acceso a la universidad<\/li>\n<li class=\"li4\">Muy buenos conocimientos de alem\u00e1n, ingl\u00e9s y espa\u00f1ol (m\u00edn. B1)<\/li>\n<li class=\"li4\">Alta motivaci\u00f3n para la formaci\u00f3n profesional dual comercial<\/li>\n<\/ul>\n<p>[\/vc_column_text][\/vc_column][\/vc_row][vc_row full_width=\u00bbstretch_row_content_no_spaces\u00bb scheme=\u00bbdark\u00bb css=\u00bb.vc_custom_1591616563751{background-color: #f2f3f6 !important;}\u00bb][vc_column width=\u00bb1\/2&#8243; icons_position=\u00bbleft\u00bb css=\u00bb.vc_custom_1722506519419{border-right-width: 15px !important;padding-top: 500px !important;padding-bottom: 500px !important;background-image: url(https:\/\/www.ds-iberien.de\/wp-content\/uploads\/2024\/08\/ewa-dual-1.jpg?id=4348) !important;background-position: center !important;background-repeat: no-repeat !important;background-size: cover !important;border-right-color: #a00007 !important;border-right-style: solid !important;}\u00bb][\/vc_column][vc_column width=\u00bb1\/2&#8243; icons_position=\u00bbleft\u00bb css=\u00bb.vc_custom_1621233692090{padding-top: 40px !important;padding-bottom: 40px !important;padding-left: 40px !important;}\u00bb el_class=\u00bboverflow\u00bb][vc_column_text css=\u00bb.vc_custom_1722506487006{padding-top: 40px !important;padding-bottom: 40px !important;padding-left: 40px !important;}\u00bb]<a href=\"https:\/\/www.ds-iberien.de\/wp-content\/uploads\/2024\/08\/EWA-hor-pos-color.png\"><img decoding=\"async\" loading=\"lazy\" class=\" wp-image-4351 alignleft\" src=\"https:\/\/www.ds-iberien.de\/wp-content\/uploads\/2024\/08\/EWA-hor-pos-color.png\" alt=\"\" width=\"497\" height=\"125\" srcset=\"https:\/\/www.ds-iberien.de\/wp-content\/uploads\/2024\/08\/EWA-hor-pos-color.png 1080w, https:\/\/www.ds-iberien.de\/wp-content\/uploads\/2024\/08\/EWA-hor-pos-color-300x76.png 300w, https:\/\/www.ds-iberien.de\/wp-content\/uploads\/2024\/08\/EWA-hor-pos-color-1024x258.png 1024w, https:\/\/www.ds-iberien.de\/wp-content\/uploads\/2024\/08\/EWA-hor-pos-color-768x193.png 768w, https:\/\/www.ds-iberien.de\/wp-content\/uploads\/2024\/08\/EWA-hor-pos-color-370x93.png 370w, https:\/\/www.ds-iberien.de\/wp-content\/uploads\/2024\/08\/EWA-hor-pos-color-760x191.png 760w\" sizes=\"(max-width: 497px) 100vw, 497px\" \/><\/a><\/p>\n<p>&nbsp;<\/p>\n<p>&nbsp;<\/p>\n<p>&nbsp;<\/p>\n<p>&nbsp;<\/p>\n<p><strong>EWA Duale Europ\u00e4ische Wirtschaftsakademie<\/strong><\/p>\n<p>EWA ofrece en Madrid desde hace m\u00e1s de 30 a\u00f1os y junto con empresas formadoras como Siemens, Lidl, Liebherr Ib\u00e9rica o Mercedes Benz Financial Services, un grado en administraci\u00f3n y direcci\u00f3n de empresas dual e internacional.<\/p>\n<p>Con la Duale Hochschule Baden-W\u00fcrttemberg (DHBW) y la Universidad de Alcal\u00e1 como socios fiables y reconocidos, EWA ofrece a j\u00f3venes que hayan obtenido el bachillerato y el acceso a la universidad o el Abitur (bachillerato alem\u00e1n) y que tengan conocimiento competente (nivel C) de espa\u00f1ol y alem\u00e1n, un Bachelor of Arts en Administraci\u00f3n y Direcci\u00f3n de Empresas (equivalente europeo al grado) de tres a\u00f1os (210 ECTS).<\/p>\n<p>Este programa dual proporciona al estudiante conocimientos y habilidades en la gesti\u00f3n y direcci\u00f3n de todas las \u00e1reas estrat\u00e9gicas de la empresa, combinando el estudio acad\u00e9mico en EWA (50%) y la formaci\u00f3n pr\u00e1ctica en la empresa (50%) en bloques alternados de 3 meses.<\/p>\n<p>Los estudios de EWA ofrecen todas las ventajas del sistema dual alem\u00e1n: una s\u00f3lida formaci\u00f3n cient\u00edfica combinada con un total de a\u00f1o y medio de experiencia laboral. De este modo se produce un efecto sin\u00e9rgico entre la alta empleabilidad de los graduados y la adquisici\u00f3n de talento por parte de las empresas formadoras.<\/p>\n<p><a href=\"www.ewa-madrid.com\" target=\"_blank\" rel=\"noopener\">www.ewa-madrid.com<\/a>[\/vc_column_text][\/vc_column][\/vc_row][vc_row full_width=\u00bbstretch_row\u00bb gap=\u00bb35&#8243;][vc_column][vc_empty_space alter_height=\u00bbmedium\u00bb hide_on_mobile=\u00bb\u00bb][\/vc_column][\/vc_row][vc_row equal_height=\u00bbyes\u00bb content_placement=\u00bbmiddle\u00bb][vc_column width=\u00bb1\/4&#8243;][vc_single_image image=\u00bb855&#8243; img_size=\u00bbfull\u00bb][\/vc_column][vc_column width=\u00bb1\/4&#8243;][vc_single_image image=\u00bb856&#8243; img_size=\u00bbfull\u00bb][\/vc_column][vc_column width=\u00bb1\/4&#8243;][vc_single_image image=\u00bb857&#8243; img_size=\u00bbfull\u00bb][\/vc_column][vc_column width=\u00bb1\/4&#8243;][vc_single_image image=\u00bb858&#8243; img_size=\u00bbfull\u00bb][\/vc_column][\/vc_row][vc_row full_width=\u00bbstretch_row\u00bb gap=\u00bb35&#8243;][vc_column][vc_empty_space alter_height=\u00bbmedium\u00bb hide_on_mobile=\u00bb\u00bb][\/vc_column][\/vc_row]<\/p>\n","protected":false},"excerpt":{"rendered":"<p>[vc_row full_width=\u00bbstretch_row_content_no_spaces\u00bb css=\u00bb.vc_custom_1599640480461{padding-top: 500px !important;padding-bottom: 500px !important;background-image: url(https:\/\/www.ds-iberien.de\/wp-content\/uploads\/2020\/09\/feda_madrid_principal.jpg?id=1733) !important;background-position: center !important;background-repeat: no-repeat !important;background-size: cover !important;}\u00bb][vc_column][\/vc_column][\/vc_row][vc_row gap=\u00bb15&#8243; css=\u00bb.vc_custom_1591617474487{margin-top: -70px !important;background-color: rgba(221,51,51,0.01) !important;*background-color: rgb(221,51,51) !important;}\u00bb][vc_column width=\u00bb2\/6&#8243; icons_position=\u00bbleft\u00bb css=\u00bb.vc_custom_1591615516296{background-color: #f2f2f2 !important;}\u00bb][vc_empty_space height=\u00bb60px\u00bb alter_height=\u00bbnone\u00bb hide_on_mobile=\u00bb\u00bb][vc_single_image image=\u00bb1503&#8243; img_size=\u00bbfull\u00bb alignment=\u00bbcenter\u00bb][vc_empty_space hide_on_mobile=\u00bb\u00bb][vc_column_text] www.feda-madrid.com [\/vc_column_text][vc_empty_space alter_height=\u00bbnone\u00bb hide_on_mobile=\u00bb\u00bb][\/vc_column][vc_column width=\u00bb1\/6&#8243;&hellip;<\/p>\n","protected":false},"author":1,"featured_media":0,"parent":0,"menu_order":0,"comment_status":"closed","ping_status":"open","template":"","meta":[],"aioseo_notices":[],"_links":{"self":[{"href":"https:\/\/www.ds-iberien.de\/es\/wp-json\/wp\/v2\/pages\/1957"}],"collection":[{"href":"https:\/\/www.ds-iberien.de\/es\/wp-json\/wp\/v2\/pages"}],"about":[{"href":"https:\/\/www.ds-iberien.de\/es\/wp-json\/wp\/v2\/types\/page"}],"author":[{"embeddable":true,"href":"https:\/\/www.ds-iberien.de\/es\/wp-json\/wp\/v2\/users\/1"}],"replies":[{"embeddable":true,"href":"https:\/\/www.ds-iberien.de\/es\/wp-json\/wp\/v2\/comments?post=1957"}],"version-history":[{"count":8,"href":"https:\/\/www.ds-iberien.de\/es\/wp-json\/wp\/v2\/pages\/1957\/revisions"}],"predecessor-version":[{"id":4412,"href":"https:\/\/www.ds-iberien.de\/es\/wp-json\/wp\/v2\/pages\/1957\/revisions\/4412"}],"wp:attachment":[{"href":"https:\/\/www.ds-iberien.de\/es\/wp-json\/wp\/v2\/media?parent=1957"}],"curies":[{"name":"wp","href":"https:\/\/api.w.org\/{rel}","templated":true}]}}